{"id":253,"date":"2022-11-01T05:41:33","date_gmt":"2022-11-01T05:41:33","guid":{"rendered":"http:\/\/localhost\/wordpress\/?page_id=253"},"modified":"2023-08-12T04:38:57","modified_gmt":"2023-08-12T04:38:57","slug":"consejera-de-lactancia-certificada","status":"publish","type":"page","link":"https:\/\/lactaclan.com\/","title":{"rendered":"Consejera de Lactancia"},"content":{"rendered":"\n<figure class=\"wp-block-image size-large is-resized\"><a href=\"https:\/\/api.whatsapp.com\/send?phone=50672781576\"><img decoding=\"async\" loading=\"lazy\" src=\"http:\/\/lactaclan.com\/wp-content\/uploads\/2023\/01\/Portada-Whatsapp-copy-01-2.svg\" alt=\"\" class=\"wp-image-768\" width=\"718\" height=\"272\"\/><\/a><\/figure>\n\n\n\n<div class=\"is-layout-flex wp-container-8 wp-block-columns has-border-color has-ast-global-color-7-border-color has-ast-global-color-5-background-color has-background\" style=\"border-width:1px\">\n<div class=\"is-layout-flow wp-block-column has-ast-global-color-7-background-color has-background\">\n<p class=\"has-text-align-center has-ast-global-color-5-color has-text-color has-small-font-size\">Consejera de Lactancia Certificada<br>Apoyando mam\u00e1s desde la gestaci\u00f3n hasta el destete<\/p>\n\n\n\n<p class=\"has-text-align-center has-ast-global-color-2-color has-text-color\"><i class=\"fas fa-heart\"><\/i> + <i class=\"fas fa-person-breastfeeding\"><\/i><\/p>\n\n\n\n<p class=\"has-text-align-center has-ast-global-color-5-color has-text-color\">Toda mujer tiene derecho de vivir su lactancia informada, acompa\u00f1ada, confiando en su cuerpo y su capacidad de amamantar.<br>Me mueve el deseo de apoyar a las madres en sus lactancias, escuchando sus necesidades, ofreciendo contenci\u00f3n, informaci\u00f3n actualizada y herramientas de ayuda pr\u00e1ctica.<br>Si tienes dudas, miedos o cualquier tipo de dificultades con tu lactancia, estoy para servirte.<br>Con amor,<\/p>\n\n\n\n<h4 class=\"has-text-align-center has-ast-global-color-2-color has-text-color\"> Marielos<\/h4>\n<\/div>\n\n\n\n<div class=\"is-layout-flow wp-block-column\">\n<figure class=\"wp-block-image size-large has-custom-border\"><img decoding=\"async\" loading=\"lazy\" width=\"683\" height=\"1024\" src=\"https:\/\/lactaclan.com\/wp-content\/uploads\/2023\/08\/fabysalmeronphoto-6689-1-683x1024.jpg\" alt=\"\" class=\"has-border-color has-ast-global-color-7-border-color wp-image-1109\" style=\"border-width:1px\" title=\"Consejera de Lactancia\" srcset=\"https:\/\/lactaclan.com\/wp-content\/uploads\/2023\/08\/fabysalmeronphoto-6689-1-683x1024.jpg 683w, https:\/\/lactaclan.com\/wp-content\/uploads\/2023\/08\/fabysalmeronphoto-6689-1-200x300.jpg 200w, https:\/\/lactaclan.com\/wp-content\/uploads\/2023\/08\/fabysalmeronphoto-6689-1-768x1152.jpg 768w, https:\/\/lactaclan.com\/wp-content\/uploads\/2023\/08\/fabysalmeronphoto-6689-1-1024x1536.jpg 1024w, https:\/\/lactaclan.com\/wp-content\/uploads\/2023\/08\/fabysalmeronphoto-6689-1-1365x2048.jpg 1365w, https:\/\/lactaclan.com\/wp-content\/uploads\/2023\/08\/fabysalmeronphoto-6689-1-400x600.jpg 400w, https:\/\/lactaclan.com\/wp-content\/uploads\/2023\/08\/fabysalmeronphoto-6689-1-scaled.jpg 1706w\" sizes=\"(max-width: 683px) 100vw, 683px\" \/><\/figure>\n\n\n\n<div class=\"is-layout-flex wp-container-6 wp-block-columns\">\n<div class=\"is-layout-flow wp-block-column\">\n<div class=\"is-layout-flex wp-block-buttons\">\n<div class=\"wp-block-button aligncenter\"><a class=\"wp-block-button__link wp-element-button\" href=\"https:\/\/m.facebook.com\/lactaclan\/\" target=\"_blank\" rel=\"noreferrer noopener\"><i class=\"fab fa-square-facebook\"><\/i> Facebook<\/a><\/div>\n<\/div>\n<\/div>\n\n\n\n<div class=\"is-layout-flow wp-block-column\">\n<div class=\"is-content-justification-center is-layout-flex wp-container-4 wp-block-buttons\">\n<div class=\"wp-block-button\"><a class=\"wp-block-button__link wp-element-button\" href=\"https:\/\/www.instagram.com\/lactaclan\/\" target=\"_blank\" rel=\"noreferrer noopener\"><i class=\"fab fa-square-instagram\"><\/i> Instagram<\/a><\/div>\n<\/div>\n<\/div>\n<\/div>\n<\/div>\n<\/div>\n\n\n\n<p><\/p>\n\n\n\n\n<div id=\"sb_instagram\"  class=\"sbi sbi_mob_col_1 sbi_tab_col_2 sbi_col_4 sbi_width_resp sbi_palette_custom_1\" style=\"padding-bottom: 8px;\"\t data-feedid=\"*1\"  data-res=\"auto\" data-cols=\"4\" data-colsmobile=\"1\" data-colstablet=\"2\" data-num=\"4\" data-nummobile=\"2\" data-item-padding=\"4\"\t data-shortcode-atts=\"{&quot;feed&quot;:&quot;1&quot;,&quot;cachetime&quot;:30}\"  data-postid=\"253\" data-locatornonce=\"9985d751d7\" data-imageaspectratio=\"1:1\" data-sbi-flags=\"favorLocal\">\n\t\n\t<div id=\"sbi_images\"  style=\"gap: 8px;\">\n\t\t<div class=\"sbi_item sbi_type_carousel sbi_new sbi_transition\"\n\tid=\"sbi_18071645416449700\" data-date=\"1703288895\">\n\t<div class=\"sbi_photo_wrap\">\n\t\t<a class=\"sbi_photo\" href=\"https:\/\/www.instagram.com\/p\/C1LJ-_Xxjrn\/\" target=\"_blank\" rel=\"noopener nofollow\"\n\t\t\tdata-full-res=\"https:\/\/scontent-ham3-1.cdninstagram.com\/v\/t51.29350-15\/412422169_920303725621810_2134226184086906646_n.webp?stp=dst-jpg&#038;_nc_cat=103&#038;ccb=1-7&#038;_nc_sid=c4dd86&#038;_nc_ohc=gEy4oHW8awkAX-z9YmF&#038;_nc_ht=scontent-ham3-1.cdninstagram.com&#038;edm=ANo9K5cEAAAA&#038;oh=00_AfAH1SHrBUQLNRaOI_QrGKEZUEjvSF97M_9XMbQ5GD8W5A&#038;oe=6591D97B\"\n\t\t\tdata-img-src-set=\"{&quot;d&quot;:&quot;https:\\\/\\\/scontent-ham3-1.cdninstagram.com\\\/v\\\/t51.29350-15\\\/412422169_920303725621810_2134226184086906646_n.webp?stp=dst-jpg&amp;_nc_cat=103&amp;ccb=1-7&amp;_nc_sid=c4dd86&amp;_nc_ohc=gEy4oHW8awkAX-z9YmF&amp;_nc_ht=scontent-ham3-1.cdninstagram.com&amp;edm=ANo9K5cEAAAA&amp;oh=00_AfAH1SHrBUQLNRaOI_QrGKEZUEjvSF97M_9XMbQ5GD8W5A&amp;oe=6591D97B&quot;,&quot;150&quot;:&quot;https:\\\/\\\/scontent-ham3-1.cdninstagram.com\\\/v\\\/t51.29350-15\\\/412422169_920303725621810_2134226184086906646_n.webp?stp=dst-jpg&amp;_nc_cat=103&amp;ccb=1-7&amp;_nc_sid=c4dd86&amp;_nc_ohc=gEy4oHW8awkAX-z9YmF&amp;_nc_ht=scontent-ham3-1.cdninstagram.com&amp;edm=ANo9K5cEAAAA&amp;oh=00_AfAH1SHrBUQLNRaOI_QrGKEZUEjvSF97M_9XMbQ5GD8W5A&amp;oe=6591D97B&quot;,&quot;320&quot;:&quot;https:\\\/\\\/scontent-ham3-1.cdninstagram.com\\\/v\\\/t51.29350-15\\\/412422169_920303725621810_2134226184086906646_n.webp?stp=dst-jpg&amp;_nc_cat=103&amp;ccb=1-7&amp;_nc_sid=c4dd86&amp;_nc_ohc=gEy4oHW8awkAX-z9YmF&amp;_nc_ht=scontent-ham3-1.cdninstagram.com&amp;edm=ANo9K5cEAAAA&amp;oh=00_AfAH1SHrBUQLNRaOI_QrGKEZUEjvSF97M_9XMbQ5GD8W5A&amp;oe=6591D97B&quot;,&quot;640&quot;:&quot;https:\\\/\\\/scontent-ham3-1.cdninstagram.com\\\/v\\\/t51.29350-15\\\/412422169_920303725621810_2134226184086906646_n.webp?stp=dst-jpg&amp;_nc_cat=103&amp;ccb=1-7&amp;_nc_sid=c4dd86&amp;_nc_ohc=gEy4oHW8awkAX-z9YmF&amp;_nc_ht=scontent-ham3-1.cdninstagram.com&amp;edm=ANo9K5cEAAAA&amp;oh=00_AfAH1SHrBUQLNRaOI_QrGKEZUEjvSF97M_9XMbQ5GD8W5A&amp;oe=6591D97B&quot;}\">\n\t\t\t<span class=\"sbi-screenreader\">Siempre pensamos en nuestr@s hij@s primero. Sea Na<\/span>\n\t\t\t<svg class=\"svg-inline--fa fa-clone fa-w-16 sbi_lightbox_carousel_icon\" aria-hidden=\"true\" aria-label=\"Clone\" data-fa-pro\u0192cessed=\"\" data-prefix=\"far\" data-icon=\"clone\" role=\"img\" xmlns=\"http:\/\/www.w3.org\/2000\/svg\" viewBox=\"0 0 512 512\">\n                    <path fill=\"currentColor\" d=\"M464 0H144c-26.51 0-48 21.49-48 48v48H48c-26.51 0-48 21.49-48 48v320c0 26.51 21.49 48 48 48h320c26.51 0 48-21.49 48-48v-48h48c26.51 0 48-21.49 48-48V48c0-26.51-21.49-48-48-48zM362 464H54a6 6 0 0 1-6-6V150a6 6 0 0 1 6-6h42v224c0 26.51 21.49 48 48 48h224v42a6 6 0 0 1-6 6zm96-96H150a6 6 0 0 1-6-6V54a6 6 0 0 1 6-6h308a6 6 0 0 1 6 6v308a6 6 0 0 1-6 6z\"><\/path>\n                <\/svg>\t\t\t\t\t\t<img src=\"https:\/\/lactaclan.com\/wp-content\/plugins\/instagram-feed\/img\/placeholder.png\" alt=\"Siempre pensamos en nuestr@s hij@s primero. Sea Navidad, o sea la \u00e9poca que sea, ocupan gran parte de nuestro pensamiento y todo nuestro coraz\u00f3n, por tanto pensamos con ilusi\u00f3n en sus regalos, pero \u00bfte has preguntado qu\u00e9 quisieras para ti?\n\n#navidad #maternidad #vidademadre\" aria-hidden=\"true\">\n\t\t<\/a>\n\t<\/div>\n<\/div><div class=\"sbi_item sbi_type_video sbi_new sbi_transition\"\n\tid=\"sbi_18003361586204329\" data-date=\"1703010222\">\n\t<div class=\"sbi_photo_wrap\">\n\t\t<a class=\"sbi_photo\" href=\"https:\/\/www.instagram.com\/reel\/C1C11QxR8nd\/\" target=\"_blank\" rel=\"noopener nofollow\"\n\t\t\tdata-full-res=\"https:\/\/scontent-ham3-1.cdninstagram.com\/v\/t51.29350-15\/412018210_3762001550750135_2371983821698169994_n.jpg?_nc_cat=105&#038;ccb=1-7&#038;_nc_sid=c4dd86&#038;_nc_ohc=V2PY8wH6614AX-M03Ql&#038;_nc_ht=scontent-ham3-1.cdninstagram.com&#038;edm=ANo9K5cEAAAA&#038;oh=00_AfD8EP_k4jTiGQ5jppcjDGM1Msxh-YQG5EWCEOmJxynsMw&#038;oe=6591322F\"\n\t\t\tdata-img-src-set=\"{&quot;d&quot;:&quot;https:\\\/\\\/scontent-ham3-1.cdninstagram.com\\\/v\\\/t51.29350-15\\\/412018210_3762001550750135_2371983821698169994_n.jpg?_nc_cat=105&amp;ccb=1-7&amp;_nc_sid=c4dd86&amp;_nc_ohc=V2PY8wH6614AX-M03Ql&amp;_nc_ht=scontent-ham3-1.cdninstagram.com&amp;edm=ANo9K5cEAAAA&amp;oh=00_AfD8EP_k4jTiGQ5jppcjDGM1Msxh-YQG5EWCEOmJxynsMw&amp;oe=6591322F&quot;,&quot;150&quot;:&quot;https:\\\/\\\/scontent-ham3-1.cdninstagram.com\\\/v\\\/t51.29350-15\\\/412018210_3762001550750135_2371983821698169994_n.jpg?_nc_cat=105&amp;ccb=1-7&amp;_nc_sid=c4dd86&amp;_nc_ohc=V2PY8wH6614AX-M03Ql&amp;_nc_ht=scontent-ham3-1.cdninstagram.com&amp;edm=ANo9K5cEAAAA&amp;oh=00_AfD8EP_k4jTiGQ5jppcjDGM1Msxh-YQG5EWCEOmJxynsMw&amp;oe=6591322F&quot;,&quot;320&quot;:&quot;https:\\\/\\\/scontent-ham3-1.cdninstagram.com\\\/v\\\/t51.29350-15\\\/412018210_3762001550750135_2371983821698169994_n.jpg?_nc_cat=105&amp;ccb=1-7&amp;_nc_sid=c4dd86&amp;_nc_ohc=V2PY8wH6614AX-M03Ql&amp;_nc_ht=scontent-ham3-1.cdninstagram.com&amp;edm=ANo9K5cEAAAA&amp;oh=00_AfD8EP_k4jTiGQ5jppcjDGM1Msxh-YQG5EWCEOmJxynsMw&amp;oe=6591322F&quot;,&quot;640&quot;:&quot;https:\\\/\\\/scontent-ham3-1.cdninstagram.com\\\/v\\\/t51.29350-15\\\/412018210_3762001550750135_2371983821698169994_n.jpg?_nc_cat=105&amp;ccb=1-7&amp;_nc_sid=c4dd86&amp;_nc_ohc=V2PY8wH6614AX-M03Ql&amp;_nc_ht=scontent-ham3-1.cdninstagram.com&amp;edm=ANo9K5cEAAAA&amp;oh=00_AfD8EP_k4jTiGQ5jppcjDGM1Msxh-YQG5EWCEOmJxynsMw&amp;oe=6591322F&quot;}\">\n\t\t\t<span class=\"sbi-screenreader\">En la Masterclass virtual: \u00bfC\u00f3mo aumentar tu produ<\/span>\n\t\t\t\t\t\t<svg style=\"color: rgba(255,255,255,1)\" class=\"svg-inline--fa fa-play fa-w-14 sbi_playbtn\" aria-label=\"Play\" aria-hidden=\"true\" data-fa-processed=\"\" data-prefix=\"fa\" data-icon=\"play\" role=\"presentation\" xmlns=\"http:\/\/www.w3.org\/2000\/svg\" viewBox=\"0 0 448 512\"><path fill=\"currentColor\" d=\"M424.4 214.7L72.4 6.6C43.8-10.3 0 6.1 0 47.9V464c0 37.5 40.7 60.1 72.4 41.3l352-208c31.4-18.5 31.5-64.1 0-82.6z\"><\/path><\/svg>\t\t\t<img src=\"https:\/\/lactaclan.com\/wp-content\/plugins\/instagram-feed\/img\/placeholder.png\" alt=\"En la Masterclass virtual: \u00bfC\u00f3mo aumentar tu producci\u00f3n de leche materna aprender\u00e1s:\n\u2763\ufe0f\u00bfC\u00f3mo funciona y se estimula la producci\u00f3n de leche?\n\u2763\ufe0fRitual para sacarle el m\u00e1ximo provecho al momento de la extracci\u00f3n\n\u2763\ufe0fRutinas de extracci\u00f3n eficientes\n\u2763\ufe0fT\u00e9cnicas de hiperestimulaci\u00f3n para darle un boost a tu producci\u00f3n\n\u2763\ufe0fExtractores, embudos y otros aliados\n\u2763\ufe0fFactores que pueden afectar la producci\u00f3n\n\u2763\ufe0fAlmacenamiento, conservaci\u00f3n y transporte de la leche\n\u2763\ufe0fHigiene y mantenimiento del extractor\n\u2763\ufe0fRecomendaciones finales\n\n\u00bfQu\u00e9 obtendr\u00e1s?\n\ud83c\udfa5Asistencia m\u00e1s grabaci\u00f3n del encuentro\n\ud83c\udf81Ebook resumen\n\ud83c\udf81Atenci\u00f3n personal de dudas posteriores por WhatsApp\n\n\ud83d\uddd34 de enero 2024 \n\ud83d\udd556:00 pm\n\ud83c\udff713,000 colones \u00f3 $24. \n\nReserva hoy mismo. \u00a1Los cupos se agotan!\n\nMarielos Guti\u00e9rrez\ud83d\udc95\nConsejera de lactancia certificada\n\ud83d\udcf1Whatsp\u00e9ame al +506 72781576\n\n#lactanciamixta #aumentarproducci\u00f3ndeleche #lactanciaendiferido #bancodeleche\" aria-hidden=\"true\">\n\t\t<\/a>\n\t<\/div>\n<\/div><div class=\"sbi_item sbi_type_carousel sbi_new sbi_transition\"\n\tid=\"sbi_17882270606978651\" data-date=\"1702600081\">\n\t<div class=\"sbi_photo_wrap\">\n\t\t<a class=\"sbi_photo\" href=\"https:\/\/www.instagram.com\/p\/C02oLNkRyHM\/\" target=\"_blank\" rel=\"noopener nofollow\"\n\t\t\tdata-full-res=\"https:\/\/scontent-ham3-1.cdninstagram.com\/v\/t51.29350-15\/410019047_1078076013639289_6878709791662518931_n.webp?stp=dst-jpg&#038;_nc_cat=101&#038;ccb=1-7&#038;_nc_sid=c4dd86&#038;_nc_ohc=5tOzrJNXX8gAX-4FsE0&#038;_nc_ht=scontent-ham3-1.cdninstagram.com&#038;edm=ANo9K5cEAAAA&#038;oh=00_AfD2rulJcPaNJglkBGQTpvDGOO0ww49cBWA2FIGASDvXVA&#038;oe=6590BF1D\"\n\t\t\tdata-img-src-set=\"{&quot;d&quot;:&quot;https:\\\/\\\/scontent-ham3-1.cdninstagram.com\\\/v\\\/t51.29350-15\\\/410019047_1078076013639289_6878709791662518931_n.webp?stp=dst-jpg&amp;_nc_cat=101&amp;ccb=1-7&amp;_nc_sid=c4dd86&amp;_nc_ohc=5tOzrJNXX8gAX-4FsE0&amp;_nc_ht=scontent-ham3-1.cdninstagram.com&amp;edm=ANo9K5cEAAAA&amp;oh=00_AfD2rulJcPaNJglkBGQTpvDGOO0ww49cBWA2FIGASDvXVA&amp;oe=6590BF1D&quot;,&quot;150&quot;:&quot;https:\\\/\\\/scontent-ham3-1.cdninstagram.com\\\/v\\\/t51.29350-15\\\/410019047_1078076013639289_6878709791662518931_n.webp?stp=dst-jpg&amp;_nc_cat=101&amp;ccb=1-7&amp;_nc_sid=c4dd86&amp;_nc_ohc=5tOzrJNXX8gAX-4FsE0&amp;_nc_ht=scontent-ham3-1.cdninstagram.com&amp;edm=ANo9K5cEAAAA&amp;oh=00_AfD2rulJcPaNJglkBGQTpvDGOO0ww49cBWA2FIGASDvXVA&amp;oe=6590BF1D&quot;,&quot;320&quot;:&quot;https:\\\/\\\/scontent-ham3-1.cdninstagram.com\\\/v\\\/t51.29350-15\\\/410019047_1078076013639289_6878709791662518931_n.webp?stp=dst-jpg&amp;_nc_cat=101&amp;ccb=1-7&amp;_nc_sid=c4dd86&amp;_nc_ohc=5tOzrJNXX8gAX-4FsE0&amp;_nc_ht=scontent-ham3-1.cdninstagram.com&amp;edm=ANo9K5cEAAAA&amp;oh=00_AfD2rulJcPaNJglkBGQTpvDGOO0ww49cBWA2FIGASDvXVA&amp;oe=6590BF1D&quot;,&quot;640&quot;:&quot;https:\\\/\\\/scontent-ham3-1.cdninstagram.com\\\/v\\\/t51.29350-15\\\/410019047_1078076013639289_6878709791662518931_n.webp?stp=dst-jpg&amp;_nc_cat=101&amp;ccb=1-7&amp;_nc_sid=c4dd86&amp;_nc_ohc=5tOzrJNXX8gAX-4FsE0&amp;_nc_ht=scontent-ham3-1.cdninstagram.com&amp;edm=ANo9K5cEAAAA&amp;oh=00_AfD2rulJcPaNJglkBGQTpvDGOO0ww49cBWA2FIGASDvXVA&amp;oe=6590BF1D&quot;}\">\n\t\t\t<span class=\"sbi-screenreader\">En la Masterclass virtual: \u00bfC\u00f3mo aumentar tu produ<\/span>\n\t\t\t<svg class=\"svg-inline--fa fa-clone fa-w-16 sbi_lightbox_carousel_icon\" aria-hidden=\"true\" aria-label=\"Clone\" data-fa-pro\u0192cessed=\"\" data-prefix=\"far\" data-icon=\"clone\" role=\"img\" xmlns=\"http:\/\/www.w3.org\/2000\/svg\" viewBox=\"0 0 512 512\">\n                    <path fill=\"currentColor\" d=\"M464 0H144c-26.51 0-48 21.49-48 48v48H48c-26.51 0-48 21.49-48 48v320c0 26.51 21.49 48 48 48h320c26.51 0 48-21.49 48-48v-48h48c26.51 0 48-21.49 48-48V48c0-26.51-21.49-48-48-48zM362 464H54a6 6 0 0 1-6-6V150a6 6 0 0 1 6-6h42v224c0 26.51 21.49 48 48 48h224v42a6 6 0 0 1-6 6zm96-96H150a6 6 0 0 1-6-6V54a6 6 0 0 1 6-6h308a6 6 0 0 1 6 6v308a6 6 0 0 1-6 6z\"><\/path>\n                <\/svg>\t\t\t\t\t\t<img src=\"https:\/\/lactaclan.com\/wp-content\/plugins\/instagram-feed\/img\/placeholder.png\" alt=\"En la Masterclass virtual: \u00bfC\u00f3mo aumentar tu producci\u00f3n de leche materna aprender\u00e1s:\n\u2763\ufe0f\u00bfC\u00f3mo funciona y se estimula la producci\u00f3n de leche?\n\u2763\ufe0fRitual para sacarle el m\u00e1ximo provecho al momento de la extracci\u00f3n\n\u2763\ufe0fRutinas de extracci\u00f3n eficientes\n\u2763\ufe0fT\u00e9cnicas de hiperestimulaci\u00f3n para darle un boost a tu producci\u00f3n\n\u2763\ufe0fExtractores, embudos y otros aliados\n\u2763\ufe0fFactores que pueden afectar la producci\u00f3n\n\u2763\ufe0fAlmacenamiento, conservaci\u00f3n y transporte de la leche\n\u2763\ufe0fHigiene y mantenimiento del extractor\n\u2763\ufe0fRecomendaciones finales\n\n\ud83d\uddd34 de enero 2024 \n\ud83d\udd556:00 pm\n\ud83c\udff713,000 colones \u00f3 $24. \n\n\u00bfQu\u00e9 obtendr\u00e1s?\n\ud83c\udfa5Asistencia m\u00e1s grabaci\u00f3n del encuentro\n\ud83c\udf81Ebook resumen\n\ud83c\udf81Atenci\u00f3n personal de dudas posteriores por whatsapp\n\nEscr\u00edbeme DM y reserva \u00f3 encuentra el formulario de inscripci\u00f3n en el link de mi bio.\n\nMarielos Guti\u00e9rrez\u2763\ufe0f\nConsejera de lactancia certificada\nWhatsp\u00e9ame al +506 72781576\n\n#lactancia #lactanciamixta\n#mamaprimeriza #extracci\u00f3ndelechematerna #bancodeleche #aumentarproducci\u00f3ndeleche #powerpumping #lactanciaendiferido\" aria-hidden=\"true\">\n\t\t<\/a>\n\t<\/div>\n<\/div><div class=\"sbi_item sbi_type_video sbi_new sbi_transition\"\n\tid=\"sbi_18020047372914027\" data-date=\"1702514539\">\n\t<div class=\"sbi_photo_wrap\">\n\t\t<a class=\"sbi_photo\" href=\"https:\/\/www.instagram.com\/reel\/C00E_1fRcma\/\" target=\"_blank\" rel=\"noopener nofollow\"\n\t\t\tdata-full-res=\"https:\/\/scontent-ham3-1.cdninstagram.com\/v\/t51.29350-15\/410418304_265713343167293_465084867389088988_n.jpg?_nc_cat=101&#038;ccb=1-7&#038;_nc_sid=c4dd86&#038;_nc_ohc=8XiiHTzBoCgAX9WCbF0&#038;_nc_ht=scontent-ham3-1.cdninstagram.com&#038;edm=ANo9K5cEAAAA&#038;oh=00_AfCEnsyKuPd5-qYt7rmAq0CTUzeh93vmmy75MLAuOaAKNQ&#038;oe=6590B58E\"\n\t\t\tdata-img-src-set=\"{&quot;d&quot;:&quot;https:\\\/\\\/scontent-ham3-1.cdninstagram.com\\\/v\\\/t51.29350-15\\\/410418304_265713343167293_465084867389088988_n.jpg?_nc_cat=101&amp;ccb=1-7&amp;_nc_sid=c4dd86&amp;_nc_ohc=8XiiHTzBoCgAX9WCbF0&amp;_nc_ht=scontent-ham3-1.cdninstagram.com&amp;edm=ANo9K5cEAAAA&amp;oh=00_AfCEnsyKuPd5-qYt7rmAq0CTUzeh93vmmy75MLAuOaAKNQ&amp;oe=6590B58E&quot;,&quot;150&quot;:&quot;https:\\\/\\\/scontent-ham3-1.cdninstagram.com\\\/v\\\/t51.29350-15\\\/410418304_265713343167293_465084867389088988_n.jpg?_nc_cat=101&amp;ccb=1-7&amp;_nc_sid=c4dd86&amp;_nc_ohc=8XiiHTzBoCgAX9WCbF0&amp;_nc_ht=scontent-ham3-1.cdninstagram.com&amp;edm=ANo9K5cEAAAA&amp;oh=00_AfCEnsyKuPd5-qYt7rmAq0CTUzeh93vmmy75MLAuOaAKNQ&amp;oe=6590B58E&quot;,&quot;320&quot;:&quot;https:\\\/\\\/scontent-ham3-1.cdninstagram.com\\\/v\\\/t51.29350-15\\\/410418304_265713343167293_465084867389088988_n.jpg?_nc_cat=101&amp;ccb=1-7&amp;_nc_sid=c4dd86&amp;_nc_ohc=8XiiHTzBoCgAX9WCbF0&amp;_nc_ht=scontent-ham3-1.cdninstagram.com&amp;edm=ANo9K5cEAAAA&amp;oh=00_AfCEnsyKuPd5-qYt7rmAq0CTUzeh93vmmy75MLAuOaAKNQ&amp;oe=6590B58E&quot;,&quot;640&quot;:&quot;https:\\\/\\\/scontent-ham3-1.cdninstagram.com\\\/v\\\/t51.29350-15\\\/410418304_265713343167293_465084867389088988_n.jpg?_nc_cat=101&amp;ccb=1-7&amp;_nc_sid=c4dd86&amp;_nc_ohc=8XiiHTzBoCgAX9WCbF0&amp;_nc_ht=scontent-ham3-1.cdninstagram.com&amp;edm=ANo9K5cEAAAA&amp;oh=00_AfCEnsyKuPd5-qYt7rmAq0CTUzeh93vmmy75MLAuOaAKNQ&amp;oe=6590B58E&quot;}\">\n\t\t\t<span class=\"sbi-screenreader\">\u2763\ufe0f\u00bfAlguna vez has dudado si tienes suficiente lech<\/span>\n\t\t\t\t\t\t<svg style=\"color: rgba(255,255,255,1)\" class=\"svg-inline--fa fa-play fa-w-14 sbi_playbtn\" aria-label=\"Play\" aria-hidden=\"true\" data-fa-processed=\"\" data-prefix=\"fa\" data-icon=\"play\" role=\"presentation\" xmlns=\"http:\/\/www.w3.org\/2000\/svg\" viewBox=\"0 0 448 512\"><path fill=\"currentColor\" d=\"M424.4 214.7L72.4 6.6C43.8-10.3 0 6.1 0 47.9V464c0 37.5 40.7 60.1 72.4 41.3l352-208c31.4-18.5 31.5-64.1 0-82.6z\"><\/path><\/svg>\t\t\t<img src=\"https:\/\/lactaclan.com\/wp-content\/plugins\/instagram-feed\/img\/placeholder.png\" alt=\"\u2763\ufe0f\u00bfAlguna vez has dudado si tienes suficiente leche materna?\n\u2763\ufe0f\u00bfSientes que obtienes poca leche en tus extracciones?\n\u2763\ufe0f\u00bfTu beb\u00e9 est\u00e1 en lactancia mixta y quisieras que recibiera m\u00e1s de tu leche?\n\u2763\ufe0f\u00bfTu beb\u00e9 no recibe tu pecho pero quieres continuar ofreci\u00e9ndole tu leche extra\u00edda?\n\nSi respondiste que s\u00ed a cualquiera de esas preguntas, la Masterclass \u00bfC\u00f3mo aumentar tu producci\u00f3n de leche materna es para t\u00ed?. \nAprender\u00e1s:\n- C\u00f3mo funciona y se estimula la producci\u00f3n de leche\n- Ritual para sacarle el m\u00e1ximo provecho al momento de la extracci\u00f3n\n- Rutinas de extracci\u00f3n eficientes\n- T\u00e9cnicas de hiperestimulaci\u00f3n para darle un boost a tu producci\u00f3n\n- Extractores, embudos y otros aliados\n- Factores que pueden afectar la producci\u00f3n\n- Almacenamiento, conservaci\u00f3n y transporte de la leche\n- Higiene y mantenimiento del extractor\n- Recomendaciones finales\n\n\ud83d\uddd34  de enero 2024 \n\ud83d\udd556:00 pm\n\ud83c\udff713,000 colones \u00f3 $24. \n\n\u00bfQu\u00e9 obtendr\u00e1s?\n\u2763\ufe0fAsistencia m\u00e1s grabaci\u00f3n del encuentro\n\u2763\ufe0fEbook resumen\n\u2763\ufe0fAtenci\u00f3n personal de dudas posteriores por whatsapp\n\nEscr\u00edbeme DM y reserva \u00f3 encuentra el formulario de inscripci\u00f3n en el link de mi bio\n\n\u00a1No te quedes sin la oportunidad de arrancar el a\u00f1o aumentando tu producci\u00f3n de leche!\n\nCari\u00f1os,\nMarielos Guti\u00e9rrez\ud83d\udc95\nConsejera de lactancia certificada\n\n#extracci\u00f3ndelechematerna #lactanciamixta #bancodeleche #lactanciaendiferido #lactanciacostarica #asesoradelactancia #consejeradelactancia\" aria-hidden=\"true\">\n\t\t<\/a>\n\t<\/div>\n<\/div>\t<\/div>\n\n\t<div id=\"sbi_load\" >\n\n\t\t\t<button class=\"sbi_load_btn\"\n\t\t\ttype=\"button\"  style=\"background: rgb(123,63,68);color: rgb(255,255,255);\">\n\t\t\t<span class=\"sbi_btn_text\" >Cargar m\u00e1s<\/span>\n\t\t\t<span class=\"sbi_loader sbi_hidden\" style=\"background-color: rgb(255, 255, 255);\" aria-hidden=\"true\"><\/span>\n\t\t<\/button>\n\t\n\t\t\t<span class=\"sbi_follow_btn\" >\n\t\t\t<a target=\"_blank\"\n\t\t\t\trel=\"nofollow noopener\"  href=\"https:\/\/www.instagram.com\/lactaclan\/\">\n\t\t\t\t<svg class=\"svg-inline--fa fa-instagram fa-w-14\" aria-hidden=\"true\" data-fa-processed=\"\" aria-label=\"Instagram\" data-prefix=\"fab\" data-icon=\"instagram\" role=\"img\" viewBox=\"0 0 448 512\">\n                    <path fill=\"currentColor\" d=\"M224.1 141c-63.6 0-114.9 51.3-114.9 114.9s51.3 114.9 114.9 114.9S339 319.5 339 255.9 287.7 141 224.1 141zm0 189.6c-41.1 0-74.7-33.5-74.7-74.7s33.5-74.7 74.7-74.7 74.7 33.5 74.7 74.7-33.6 74.7-74.7 74.7zm146.4-194.3c0 14.9-12 26.8-26.8 26.8-14.9 0-26.8-12-26.8-26.8s12-26.8 26.8-26.8 26.8 12 26.8 26.8zm76.1 27.2c-1.7-35.9-9.9-67.7-36.2-93.9-26.2-26.2-58-34.4-93.9-36.2-37-2.1-147.9-2.1-184.9 0-35.8 1.7-67.6 9.9-93.9 36.1s-34.4 58-36.2 93.9c-2.1 37-2.1 147.9 0 184.9 1.7 35.9 9.9 67.7 36.2 93.9s58 34.4 93.9 36.2c37 2.1 147.9 2.1 184.9 0 35.9-1.7 67.7-9.9 93.9-36.2 26.2-26.2 34.4-58 36.2-93.9 2.1-37 2.1-147.8 0-184.8zM398.8 388c-7.8 19.6-22.9 34.7-42.6 42.6-29.5 11.7-99.5 9-132.1 9s-102.7 2.6-132.1-9c-19.6-7.8-34.7-22.9-42.6-42.6-11.7-29.5-9-99.5-9-132.1s-2.6-102.7 9-132.1c7.8-19.6 22.9-34.7 42.6-42.6 29.5-11.7 99.5-9 132.1-9s102.7-2.6 132.1 9c19.6 7.8 34.7 22.9 42.6 42.6 11.7 29.5 9 99.5 9 132.1s2.7 102.7-9 132.1z\"><\/path>\n                <\/svg>\t\t\t\t<span>Seguir en Instagram<\/span>\n\t\t\t<\/a>\n\t\t<\/span>\n\t\n<\/div>\n\t\t<span class=\"sbi_resized_image_data\" data-feed-id=\"*1\"\n\t\t  data-resized=\"{&quot;18020047372914027&quot;:{&quot;id&quot;:&quot;410418304_265713343167293_465084867389088988_n&quot;,&quot;ratio&quot;:&quot;0.56&quot;,&quot;sizes&quot;:{&quot;full&quot;:640,&quot;low&quot;:320,&quot;thumb&quot;:150}},&quot;17882270606978651&quot;:{&quot;id&quot;:&quot;410019047_1078076013639289_6878709791662518931_n.webp&quot;,&quot;ratio&quot;:&quot;0.80&quot;,&quot;sizes&quot;:{&quot;full&quot;:640,&quot;low&quot;:320,&quot;thumb&quot;:150}},&quot;18003361586204329&quot;:{&quot;id&quot;:&quot;412018210_3762001550750135_2371983821698169994_n&quot;,&quot;ratio&quot;:&quot;0.56&quot;,&quot;sizes&quot;:{&quot;full&quot;:640,&quot;low&quot;:320,&quot;thumb&quot;:150}},&quot;18071645416449700&quot;:{&quot;id&quot;:&quot;412422169_920303725621810_2134226184086906646_n.webp&quot;,&quot;ratio&quot;:&quot;1.00&quot;,&quot;sizes&quot;:{&quot;full&quot;:640,&quot;low&quot;:320,&quot;thumb&quot;:150}}}\">\n\t<\/span>\n\t<\/div>\n\n\t<style type=\"text\/css\">\n\t\t\t\t\t\t\t\t\t\t\t\t#sb_instagram.sbi_palette_custom_1 #sbi_load .sbi_load_btn {\n\t\t\tbackground: #7B3F44;\n\t\t}\n\n\t\t\t\t\t\t#sb_instagram.sbi_palette_custom_1 #sbi_load .sbi_follow_btn a {\n\t\t\tbackground: #7b3f44;\n\t\t}\n\n\t\t\t<\/style>\n\t\t<style type=\"text\/css\">\n\t\t\t\t#sb_instagram #sbi_load .sbi_load_btn:focus,\n\t\t#sb_instagram #sbi_load .sbi_load_btn:hover {\n\t\t\toutline: none;\n\t\t\tbox-shadow: inset 0 0 20px 20px#f65a5e;\n\t\t}\n\n\t\t\t\t\t\t#sb_instagram .sbi_follow_btn a:hover,\n\t\t#sb_instagram .sbi_follow_btn a:focus {\n\t\t\toutline: none;\n\t\t\tbox-shadow: inset 0 0 10px 20px#f65a5e;\n\t\t}\n\n\t\t\t<\/style>\n\t\n","protected":false},"excerpt":{"rendered":"<p>Consejera de Lactancia CertificadaApoyando mam\u00e1s desde la gestaci\u00f3n hasta el destete + Toda mujer tiene derecho de vivir su lactancia informada, acompa\u00f1ada, confiando en su cuerpo y su capacidad de amamantar.Me mueve el deseo de apoyar a las madres en sus lactancias, escuchando sus necesidades, ofreciendo contenci\u00f3n, informaci\u00f3n actualizada y herramientas de ayuda pr\u00e1ctica.Si tienes &hellip;<\/p>\n<p class=\"read-more\"> <a class=\"\" href=\"https:\/\/lactaclan.com\/\"> <span class=\"screen-reader-text\">Consejera de Lactancia<\/span> Leer m\u00e1s \u00bb<\/a><\/p>\n","protected":false},"author":1,"featured_media":0,"parent":0,"menu_order":0,"comment_status":"closed","ping_status":"closed","template":"","meta":{"inline_featured_image":false,"site-sidebar-layout":"default","site-content-layout":"default","ast-global-header-display":"","ast-main-header-display":"","ast-hfb-above-header-display":"","ast-hfb-below-header-display":"","ast-hfb-mobile-header-display":"","site-post-title":"disabled","ast-breadcrumbs-content":"","ast-featured-img":"","footer-sml-layout":"","theme-transparent-header-meta":"","adv-header-id-meta":"","stick-header-meta":"","header-above-stick-meta":"","header-main-stick-meta":"","header-below-stick-meta":"","two_page_speed":[]},"yoast_head":"<!-- This site is optimized with the Yoast SEO plugin v19.14 - https:\/\/yoast.com\/wordpress\/plugins\/seo\/ -->\n<title>Consejera de Lactancia -<\/title>\n<meta name=\"description\" content=\"Lactancia- Embarazo- Beb\u00e9- Ces\u00e1rea- Bilirrubina- asesora de lactancia- banco de leche- maternidad- consejera de lactancia certificada Costa Rica\" \/>\n<meta name=\"robots\" content=\"index, follow, max-snippet:-1, max-image-preview:large, max-video-preview:-1\" \/>\n<link rel=\"canonical\" href=\"https:\/\/lactaclan.com\/\" \/>\n<meta property=\"og:locale\" content=\"es_ES\" \/>\n<meta property=\"og:type\" content=\"article\" \/>\n<meta property=\"og:title\" content=\"Consejera de Lactancia -\" \/>\n<meta property=\"og:description\" content=\"Lactancia- Embarazo- Beb\u00e9- Ces\u00e1rea- Bilirrubina- asesora de lactancia- banco de leche- maternidad- consejera de lactancia certificada Costa Rica\" \/>\n<meta property=\"og:url\" content=\"https:\/\/lactaclan.com\/\" \/>\n<meta property=\"article:modified_time\" content=\"2023-08-12T04:38:57+00:00\" \/>\n<meta property=\"og:image\" content=\"http:\/\/lactaclan.com\/wp-content\/uploads\/2023\/01\/Portada-Whatsapp-copy-01-2.svg\" \/>\n<meta name=\"twitter:card\" content=\"summary_large_image\" \/>\n<meta name=\"twitter:label1\" content=\"Est. reading time\" \/>\n\t<meta name=\"twitter:data1\" content=\"1 minuto\" \/>\n<script type=\"application\/ld+json\" class=\"yoast-schema-graph\">{\"@context\":\"https:\/\/schema.org\",\"@graph\":[{\"@type\":\"WebPage\",\"@id\":\"https:\/\/lactaclan.com\/\",\"url\":\"https:\/\/lactaclan.com\/\",\"name\":\"Consejera de Lactancia -\",\"isPartOf\":{\"@id\":\"https:\/\/lactaclan.com\/#website\"},\"datePublished\":\"2022-11-01T05:41:33+00:00\",\"dateModified\":\"2023-08-12T04:38:57+00:00\",\"description\":\"Lactancia- Embarazo- Beb\u00e9- Ces\u00e1rea- Bilirrubina- asesora de lactancia- banco de leche- maternidad- consejera de lactancia certificada Costa Rica\",\"breadcrumb\":{\"@id\":\"https:\/\/lactaclan.com\/#breadcrumb\"},\"inLanguage\":\"es-CR\",\"potentialAction\":[{\"@type\":\"ReadAction\",\"target\":[\"https:\/\/lactaclan.com\/\"]}]},{\"@type\":\"BreadcrumbList\",\"@id\":\"https:\/\/lactaclan.com\/#breadcrumb\",\"itemListElement\":[{\"@type\":\"ListItem\",\"position\":1,\"name\":\"Inicio\",\"item\":\"https:\/\/lactaclan.com\/\"},{\"@type\":\"ListItem\",\"position\":2,\"name\":\"Consejera de Lactancia\"}]},{\"@type\":\"WebSite\",\"@id\":\"https:\/\/lactaclan.com\/#website\",\"url\":\"https:\/\/lactaclan.com\/\",\"name\":\"\",\"description\":\"\",\"potentialAction\":[{\"@type\":\"SearchAction\",\"target\":{\"@type\":\"EntryPoint\",\"urlTemplate\":\"https:\/\/lactaclan.com\/?s={search_term_string}\"},\"query-input\":\"required name=search_term_string\"}],\"inLanguage\":\"es-CR\"}]}<\/script>\n<!-- \/ Yoast SEO plugin. -->","yoast_head_json":{"title":"Consejera de Lactancia -","description":"Lactancia- Embarazo- Beb\u00e9- Ces\u00e1rea- Bilirrubina- asesora de lactancia- banco de leche- maternidad- consejera de lactancia certificada Costa Rica","robots":{"index":"index","follow":"follow","max-snippet":"max-snippet:-1","max-image-preview":"max-image-preview:large","max-video-preview":"max-video-preview:-1"},"canonical":"https:\/\/lactaclan.com\/","og_locale":"es_ES","og_type":"article","og_title":"Consejera de Lactancia -","og_description":"Lactancia- Embarazo- Beb\u00e9- Ces\u00e1rea- Bilirrubina- asesora de lactancia- banco de leche- maternidad- consejera de lactancia certificada Costa Rica","og_url":"https:\/\/lactaclan.com\/","article_modified_time":"2023-08-12T04:38:57+00:00","og_image":[{"url":"http:\/\/lactaclan.com\/wp-content\/uploads\/2023\/01\/Portada-Whatsapp-copy-01-2.svg"}],"twitter_card":"summary_large_image","twitter_misc":{"Est. reading time":"1 minuto"},"schema":{"@context":"https:\/\/schema.org","@graph":[{"@type":"WebPage","@id":"https:\/\/lactaclan.com\/","url":"https:\/\/lactaclan.com\/","name":"Consejera de Lactancia -","isPartOf":{"@id":"https:\/\/lactaclan.com\/#website"},"datePublished":"2022-11-01T05:41:33+00:00","dateModified":"2023-08-12T04:38:57+00:00","description":"Lactancia- Embarazo- Beb\u00e9- Ces\u00e1rea- Bilirrubina- asesora de lactancia- banco de leche- maternidad- consejera de lactancia certificada Costa Rica","breadcrumb":{"@id":"https:\/\/lactaclan.com\/#breadcrumb"},"inLanguage":"es-CR","potentialAction":[{"@type":"ReadAction","target":["https:\/\/lactaclan.com\/"]}]},{"@type":"BreadcrumbList","@id":"https:\/\/lactaclan.com\/#breadcrumb","itemListElement":[{"@type":"ListItem","position":1,"name":"Inicio","item":"https:\/\/lactaclan.com\/"},{"@type":"ListItem","position":2,"name":"Consejera de Lactancia"}]},{"@type":"WebSite","@id":"https:\/\/lactaclan.com\/#website","url":"https:\/\/lactaclan.com\/","name":"","description":"","potentialAction":[{"@type":"SearchAction","target":{"@type":"EntryPoint","urlTemplate":"https:\/\/lactaclan.com\/?s={search_term_string}"},"query-input":"required name=search_term_string"}],"inLanguage":"es-CR"}]}},"_links":{"self":[{"href":"https:\/\/lactaclan.com\/index.php\/wp-json\/wp\/v2\/pages\/253"}],"collection":[{"href":"https:\/\/lactaclan.com\/index.php\/wp-json\/wp\/v2\/pages"}],"about":[{"href":"https:\/\/lactaclan.com\/index.php\/wp-json\/wp\/v2\/types\/page"}],"author":[{"embeddable":true,"href":"https:\/\/lactaclan.com\/index.php\/wp-json\/wp\/v2\/users\/1"}],"replies":[{"embeddable":true,"href":"https:\/\/lactaclan.com\/index.php\/wp-json\/wp\/v2\/comments?post=253"}],"version-history":[{"count":23,"href":"https:\/\/lactaclan.com\/index.php\/wp-json\/wp\/v2\/pages\/253\/revisions"}],"predecessor-version":[{"id":1110,"href":"https:\/\/lactaclan.com\/index.php\/wp-json\/wp\/v2\/pages\/253\/revisions\/1110"}],"wp:attachment":[{"href":"https:\/\/lactaclan.com\/index.php\/wp-json\/wp\/v2\/media?parent=253"}],"curies":[{"name":"wp","href":"https:\/\/api.w.org\/{rel}","templated":true}]}}